{"id":28761,"date":"2025-07-04T07:56:19","date_gmt":"2025-07-04T05:56:19","guid":{"rendered":"https:\/\/i-vent.com\/si\/?page_id=28761"},"modified":"2025-12-23T12:55:49","modified_gmt":"2025-12-23T11:55:49","slug":"reference","status":"publish","type":"page","link":"https:\/\/i-vent.com\/si\/reference\/","title":{"rendered":"Reference"},"content":{"rendered":"\t\t<div data-elementor-type=\"wp-page\" data-elementor-id=\"28761\" class=\"elementor elementor-28761\" data-elementor-post-type=\"page\">\n\t\t\t\t<div class=\"elementor-element elementor-element-42ca89b e-flex e-con-boxed e-con e-parent\" data-id=\"42ca89b\" data-element_type=\"container\" data-e-type=\"container\">\n\t\t\t\t\t<div class=\"e-con-inner\">\n\t\t\t\t<div class=\"elementor-element elementor-element-2493c36 elementor-invisible elementor-widget elementor-widget-neuros_heading\" data-id=\"2493c36\" data-element_type=\"widget\" data-e-type=\"widget\" data-settings=\"{&quot;_animation&quot;:&quot;neuros_heading_animation&quot;,&quot;_animation_delay&quot;:300}\" data-widget_type=\"neuros_heading.default\">\n\t\t\t\t<div class=\"elementor-widget-container\">\n\t\t\t\t\t<div class=\"neuros-heading-widget\"><h2 class=\"neuros-heading\"><span class=\"neuros-subheading\">reference<\/span><span class=\"neuros-heading-content has_gradient_color_text\">Referen\u010dni objekti, v katerih smo vgradili prezra\u010devalni sistem<\/span><\/h2><\/div>\t\t\t\t<\/div>\n\t\t\t\t<\/div>\n\t\t\t\t<div class=\"elementor-element elementor-element-2fdc5f7 elementor-widget elementor-widget-eael-image-accordion\" data-id=\"2fdc5f7\" data-element_type=\"widget\" data-e-type=\"widget\" data-widget_type=\"eael-image-accordion.default\">\n\t\t\t\t<div class=\"elementor-widget-container\">\n\t\t\t\t\t    <div class=\"eael-img-accordion accordion-direction-horizontal eael-img-accordion-horizontal-align-left eael-img-accordion-vertical-align-center\" id=\"eael-img-accordion-2fdc5f7\" data-img-accordion-id=\"2fdc5f7\" data-img-accordion-type=\"on-hover\">\n                    \n            <div class=\"eael-image-accordion-hover eael-image-accordion-item\" style=\"background-image: url(https:\/\/i-vent.com\/si\/wp-content\/uploads\/2025\/12\/i-Vent_Dom-upokojencev-Idrija.webp);\"  tabindex=\"0\">\n                <div class=\"overlay\">\n                                        <div class=\"overlay-inner \">\n                        <h2 class=\"img-accordion-title\">Dom upokojencev Idrija<\/h2>                            <p><p>Projekt: Dom upokojencev Idrija<br \/>Investitor: Dom upokojencev Idrija<\/p><\/p>\n                                            <\/div>\n                <\/div>\n            <\/div>\n                    \n            <div class=\"eael-image-accordion-hover eael-image-accordion-item\" style=\"background-image: url(https:\/\/i-vent.com\/si\/wp-content\/uploads\/2025\/12\/i-Vent_Glavni-trg-Menges.webp);\"  tabindex=\"0\">\n                <div class=\"overlay\">\n                                        <div class=\"overlay-inner \">\n                        <h2 class=\"img-accordion-title\">Glavni trg Menge\u0161<\/h2>                            <p><p>Projekt: Glavni trg Menge\u0161<br \/>Investitor: Prva hi\u0161a d.o.o.<br \/>\u0160tevilo stanovanj: 80<\/p><\/p>\n                                            <\/div>\n                <\/div>\n            <\/div>\n                <\/div>\n        <style typr=\"text\/css\">\n                    #eael-img-accordion-2fdc5f7 .eael-image-accordion-hover:hover {\n                        flex: 3 1 0% !important;\n                    }\n                    #eael-img-accordion-2fdc5f7 .eael-image-accordion-hover:hover:hover .overlay-inner * {\n                        opacity: 1;\n                        visibility: visible;\n                        transform: none;\n                        transition: all .3s .3s;\n                    }\n                <\/style>\t\t\t\t<\/div>\n\t\t\t\t<\/div>\n\t\t\t\t<div class=\"elementor-element elementor-element-2ff5dd9 elementor-widget elementor-widget-eael-image-accordion\" data-id=\"2ff5dd9\" data-element_type=\"widget\" data-e-type=\"widget\" data-widget_type=\"eael-image-accordion.default\">\n\t\t\t\t<div class=\"elementor-widget-container\">\n\t\t\t\t\t    <div class=\"eael-img-accordion accordion-direction-horizontal eael-img-accordion-horizontal-align-left eael-img-accordion-vertical-align-center\" id=\"eael-img-accordion-2ff5dd9\" data-img-accordion-id=\"2ff5dd9\" data-img-accordion-type=\"on-hover\">\n                    \n            <div class=\"eael-image-accordion-hover eael-image-accordion-item\" style=\"background-image: url(https:\/\/i-vent.com\/si\/wp-content\/uploads\/2025\/12\/i-Vent_Soseska-Drenovo.webp);\"  tabindex=\"0\">\n                <div class=\"overlay\">\n                                        <div class=\"overlay-inner \">\n                        <h2 class=\"img-accordion-title\">Soseska Drenovo<\/h2>                            <p><p>Projekt: Soseska Drenovo<br \/>Investitor: CEEREF d.o.o.<br \/>\u0160tevilo hi\u0161: 81 hi\u0161<\/p><\/p>\n                                            <\/div>\n                <\/div>\n            <\/div>\n                    \n            <div class=\"eael-image-accordion-hover eael-image-accordion-item\" style=\"background-image: url(https:\/\/i-vent.com\/si\/wp-content\/uploads\/2025\/12\/i-Vent-Tacenski-vrtovi.webp);\"  tabindex=\"0\">\n                <div class=\"overlay\">\n                                        <div class=\"overlay-inner \">\n                        <h2 class=\"img-accordion-title\">Tacenski vrtovi - Ljubljana<\/h2>                            <p><p>Projekt: Tacenski vrtovi &#8211; Ljubljana<br \/>Investitor: Biger d.o.o.<br \/>\u0160tevilo stanovanj: 32<\/p><\/p>\n                                            <\/div>\n                <\/div>\n            <\/div>\n                <\/div>\n        <style typr=\"text\/css\">\n                    #eael-img-accordion-2ff5dd9 .eael-image-accordion-hover:hover {\n                        flex: 3 1 0% !important;\n                    }\n                    #eael-img-accordion-2ff5dd9 .eael-image-accordion-hover:hover:hover .overlay-inner * {\n                        opacity: 1;\n                        visibility: visible;\n                        transform: none;\n                        transition: all .3s .3s;\n                    }\n                <\/style>\t\t\t\t<\/div>\n\t\t\t\t<\/div>\n\t\t\t\t<div class=\"elementor-element elementor-element-51d9d24 elementor-widget elementor-widget-eael-image-accordion\" data-id=\"51d9d24\" data-element_type=\"widget\" data-e-type=\"widget\" data-widget_type=\"eael-image-accordion.default\">\n\t\t\t\t<div class=\"elementor-widget-container\">\n\t\t\t\t\t    <div class=\"eael-img-accordion accordion-direction-horizontal eael-img-accordion-horizontal-align-left eael-img-accordion-vertical-align-center\" id=\"eael-img-accordion-51d9d24\" data-img-accordion-id=\"51d9d24\" data-img-accordion-type=\"on-hover\">\n                    \n            <div class=\"eael-image-accordion-hover eael-image-accordion-item\" style=\"background-image: url(https:\/\/i-vent.com\/si\/wp-content\/uploads\/2025\/12\/i-Vent_Vila_Mivka.webp);\"  tabindex=\"0\">\n                <div class=\"overlay\">\n                                        <div class=\"overlay-inner \">\n                        <h2 class=\"img-accordion-title\">Vila Mivka Trnovo<\/h2>                            <p><p>Projekt: Vila Mivka Trnovo<br \/>Investitor: Prva hi\u0161a d.o.o.<br \/>\u0160tevilo stanovanj: 8<\/p><\/p>\n                                            <\/div>\n                <\/div>\n            <\/div>\n                    \n            <div class=\"eael-image-accordion-hover eael-image-accordion-item\" style=\"background-image: url(https:\/\/i-vent.com\/si\/wp-content\/uploads\/2025\/12\/i-Vent_Vile-na-Brodu.webp);\"  tabindex=\"0\">\n                <div class=\"overlay\">\n                                        <div class=\"overlay-inner \">\n                        <h2 class=\"img-accordion-title\">Vile na Brodu<\/h2>                            <p><p>Projekt: Vile na Brodu (samostojne hi\u0161e v parku)<br \/>Investitor: UAAU 4U d.o.o., Ljubljana<br \/>\u0160tevilo hi\u0161: 10 petsobnih hi\u0161<\/p><\/p>\n                                            <\/div>\n                <\/div>\n            <\/div>\n                <\/div>\n        <style typr=\"text\/css\">\n                    #eael-img-accordion-51d9d24 .eael-image-accordion-hover:hover {\n                        flex: 3 1 0% !important;\n                    }\n                    #eael-img-accordion-51d9d24 .eael-image-accordion-hover:hover:hover .overlay-inner * {\n                        opacity: 1;\n                        visibility: visible;\n                        transform: none;\n                        transition: all .3s .3s;\n                    }\n                <\/style>\t\t\t\t<\/div>\n\t\t\t\t<\/div>\n\t\t\t\t<div class=\"elementor-element elementor-element-bd8d7ab elementor-widget elementor-widget-eael-image-accordion\" data-id=\"bd8d7ab\" data-element_type=\"widget\" data-e-type=\"widget\" data-widget_type=\"eael-image-accordion.default\">\n\t\t\t\t<div class=\"elementor-widget-container\">\n\t\t\t\t\t    <div class=\"eael-img-accordion accordion-direction-horizontal eael-img-accordion-horizontal-align-left eael-img-accordion-vertical-align-center\" id=\"eael-img-accordion-bd8d7ab\" data-img-accordion-id=\"bd8d7ab\" data-img-accordion-type=\"on-hover\">\n                    \n            <div class=\"eael-image-accordion-hover eael-image-accordion-item\" style=\"background-image: url(https:\/\/i-vent.com\/si\/wp-content\/uploads\/2025\/12\/i-Vent_Soseska_Osmica.webp);\"  tabindex=\"0\">\n                <div class=\"overlay\">\n                                        <div class=\"overlay-inner \">\n                        <h2 class=\"img-accordion-title\">Soseska Osmica<\/h2>                            <p><p>Projekt: Zelena soseska Osmica<br \/>Investitor: Brod Bivanje d.o.o., Ljubljana<br \/>\u0160tevilo stanovanj: 32<\/p><\/p>\n                                            <\/div>\n                <\/div>\n            <\/div>\n                    \n            <div class=\"eael-image-accordion-hover eael-image-accordion-item\" style=\"background-image: url(https:\/\/i-vent.com\/si\/wp-content\/uploads\/2025\/12\/i-Vent_Golnik.webp);\"  tabindex=\"0\">\n                <div class=\"overlay\">\n                                        <div class=\"overlay-inner \">\n                        <h2 class=\"img-accordion-title\">Golnik 46a<\/h2>                            <p><p>Projekt: Golnik 2 (ve\u010dstanovanjski objekt)<br \/>Investitor: Sloving d.o.o.<br \/>\u0160tevilo stanovanj: 28<\/p><\/p>\n                                            <\/div>\n                <\/div>\n            <\/div>\n                <\/div>\n        <style typr=\"text\/css\">\n                    #eael-img-accordion-bd8d7ab .eael-image-accordion-hover:hover {\n                        flex: 3 1 0% !important;\n                    }\n                    #eael-img-accordion-bd8d7ab .eael-image-accordion-hover:hover:hover .overlay-inner * {\n                        opacity: 1;\n                        visibility: visible;\n                        transform: none;\n                        transition: all .3s .3s;\n                    }\n                <\/style>\t\t\t\t<\/div>\n\t\t\t\t<\/div>\n\t\t\t\t<div class=\"elementor-element elementor-element-e185e53 elementor-widget elementor-widget-eael-image-accordion\" data-id=\"e185e53\" data-element_type=\"widget\" data-e-type=\"widget\" data-widget_type=\"eael-image-accordion.default\">\n\t\t\t\t<div class=\"elementor-widget-container\">\n\t\t\t\t\t    <div class=\"eael-img-accordion accordion-direction-horizontal eael-img-accordion-horizontal-align-left eael-img-accordion-vertical-align-center\" id=\"eael-img-accordion-e185e53\" data-img-accordion-id=\"e185e53\" data-img-accordion-type=\"on-hover\">\n                    \n            <div class=\"eael-image-accordion-hover eael-image-accordion-item\" style=\"background-image: url(https:\/\/i-vent.com\/si\/wp-content\/uploads\/2025\/12\/i-Vent_Vila-Castanea.webp);\"  tabindex=\"0\">\n                <div class=\"overlay\">\n                                        <div class=\"overlay-inner \">\n                        <h2 class=\"img-accordion-title\">Vila Costanea<\/h2>                            <p><p>Projekt: Vila Costanea (nova stanovanjska vila v \u010crnu\u010dah)<br \/>Investitor: MIL-PRON d.o.o.<br \/>\u0160tevilo stanovanj: 23<\/p><\/p>\n                                            <\/div>\n                <\/div>\n            <\/div>\n                    \n            <div class=\"eael-image-accordion-hover eael-image-accordion-item\" style=\"background-image: url(https:\/\/i-vent.com\/si\/wp-content\/uploads\/2025\/12\/i-Vent_Zlata-Ribica.webp);\"  tabindex=\"0\">\n                <div class=\"overlay\">\n                                        <div class=\"overlay-inner \">\n                        <h2 class=\"img-accordion-title\">Zlata ribica - Ribnica<\/h2>                            <p><p>Projekt: Zlata ribica (stanovanjsko naselje v Ribnici)<br \/>Investitor: Gramiz d.d., Ko\u010devje<br \/>\u0160tevilo stanovanj: 81<\/p><\/p>\n                                            <\/div>\n                <\/div>\n            <\/div>\n                <\/div>\n        <style typr=\"text\/css\">\n                    #eael-img-accordion-e185e53 .eael-image-accordion-hover:hover {\n                        flex: 3 1 0% !important;\n                    }\n                    #eael-img-accordion-e185e53 .eael-image-accordion-hover:hover:hover .overlay-inner * {\n                        opacity: 1;\n                        visibility: visible;\n                        transform: none;\n                        transition: all .3s .3s;\n                    }\n                <\/style>\t\t\t\t<\/div>\n\t\t\t\t<\/div>\n\t\t\t\t<div class=\"elementor-element elementor-element-502ec58 elementor-widget elementor-widget-eael-image-accordion\" data-id=\"502ec58\" data-element_type=\"widget\" data-e-type=\"widget\" data-widget_type=\"eael-image-accordion.default\">\n\t\t\t\t<div class=\"elementor-widget-container\">\n\t\t\t\t\t    <div class=\"eael-img-accordion accordion-direction-horizontal eael-img-accordion-horizontal-align-left eael-img-accordion-vertical-align-center\" id=\"eael-img-accordion-502ec58\" data-img-accordion-id=\"502ec58\" data-img-accordion-type=\"on-hover\">\n                    \n            <div class=\"eael-image-accordion-hover eael-image-accordion-item\" style=\"background-image: url(https:\/\/i-vent.com\/si\/wp-content\/uploads\/2025\/12\/i-Vent-Kostanjevi-cvetovi.webp);\"  tabindex=\"0\">\n                <div class=\"overlay\">\n                                        <div class=\"overlay-inner \">\n                        <h2 class=\"img-accordion-title\">Kostanjevi cvetovi<\/h2>                            <p><p>Projekt: Kostanjevi cvetovi (stanovanjsko naselje v Dolu)<br \/>Investitor: Gramiz d.d., Ko\u010devje<br \/>\u0160tevilo stanovanj: 93<\/p><\/p>\n                                            <\/div>\n                <\/div>\n            <\/div>\n                    \n            <div class=\"eael-image-accordion-hover eael-image-accordion-item\" style=\"background-image: url(https:\/\/i-vent.com\/si\/wp-content\/uploads\/2025\/12\/i-Vent-vila-blok-krtina.webp);\"  tabindex=\"0\">\n                <div class=\"overlay\">\n                                        <div class=\"overlay-inner \">\n                        <h2 class=\"img-accordion-title\">Vila blok Krtina<\/h2>                            <p><p>Projekt: Vila blok Krtina<br \/>Investitor: MIL-PRON d.o.o.<br \/>\u0160tevilo stanovanj: 21<\/p><\/p>\n                                            <\/div>\n                <\/div>\n            <\/div>\n                <\/div>\n        <style typr=\"text\/css\">\n                    #eael-img-accordion-502ec58 .eael-image-accordion-hover:hover {\n                        flex: 3 1 0% !important;\n                    }\n                    #eael-img-accordion-502ec58 .eael-image-accordion-hover:hover:hover .overlay-inner * {\n                        opacity: 1;\n                        visibility: visible;\n                        transform: none;\n                        transition: all .3s .3s;\n                    }\n                <\/style>\t\t\t\t<\/div>\n\t\t\t\t<\/div>\n\t\t\t\t<div class=\"elementor-element elementor-element-01bf25a elementor-widget elementor-widget-eael-image-accordion\" data-id=\"01bf25a\" data-element_type=\"widget\" data-e-type=\"widget\" data-widget_type=\"eael-image-accordion.default\">\n\t\t\t\t<div class=\"elementor-widget-container\">\n\t\t\t\t\t    <div class=\"eael-img-accordion accordion-direction-horizontal eael-img-accordion-horizontal-align-left eael-img-accordion-vertical-align-center\" id=\"eael-img-accordion-01bf25a\" data-img-accordion-id=\"01bf25a\" data-img-accordion-type=\"on-hover\">\n                    \n            <div class=\"eael-image-accordion-hover eael-image-accordion-item\" style=\"background-image: url(https:\/\/i-vent.com\/si\/wp-content\/uploads\/2025\/08\/dvori_vransko_01.webp);\"  tabindex=\"0\">\n                <div class=\"overlay\">\n                                        <div class=\"overlay-inner \">\n                        <h2 class=\"img-accordion-title\">Dvori Vransko<\/h2>                            <p><p>Projekt: Dvori Vransko\u00a0<br \/>Investitor: Nepremi\u010dnine Vransko d.o.o.<br \/>\u0160tevilo stanovanj: 33<\/p><\/p>\n                                            <\/div>\n                <\/div>\n            <\/div>\n                    \n            <div class=\"eael-image-accordion-hover eael-image-accordion-item\" style=\"background-image: url(https:\/\/i-vent.com\/si\/wp-content\/uploads\/2025\/08\/Modra-rezidenca.webp);\"  tabindex=\"0\">\n                <div class=\"overlay\">\n                                        <div class=\"overlay-inner \">\n                        <h2 class=\"img-accordion-title\">Modra rezidenca<\/h2>                            <p><p>Projekt: Modra rezidenca<br \/>Investitor: Modra rezidenca d.o.o<br \/>\u0160tevilo stanovanj: 86<\/p><\/p>\n                                            <\/div>\n                <\/div>\n            <\/div>\n                <\/div>\n        <style typr=\"text\/css\">\n                    #eael-img-accordion-01bf25a .eael-image-accordion-hover:hover {\n                        flex: 3 1 0% !important;\n                    }\n                    #eael-img-accordion-01bf25a .eael-image-accordion-hover:hover:hover .overlay-inner * {\n                        opacity: 1;\n                        visibility: visible;\n                        transform: none;\n                        transition: all .3s .3s;\n                    }\n                <\/style>\t\t\t\t<\/div>\n\t\t\t\t<\/div>\n\t\t\t\t\t<\/div>\n\t\t\t\t<\/div>\n\t\t\t\t<\/div>\n\t\t","protected":false},"excerpt":{"rendered":"<p>Dom upokojencev Idrija Projekt: Dom upokojencev IdrijaInvestitor: Dom upokojencev Idrija Glavni trg Menge\u0161 Projekt: Glavni trg Menge\u0161Investitor: Prva hi\u0161a d.o.o.\u0160tevilo stanovanj: 80 Soseska Drenovo Projekt: Soseska DrenovoInvestitor: CEEREF d.o.o.\u0160tevilo hi\u0161: 81 hi\u0161 Tacenski vrtovi &#8211; Ljubljana Projekt: Tacenski vrtovi &#8211; LjubljanaInvestitor:&#8230;<\/p>\n","protected":false},"author":1,"featured_media":0,"parent":0,"menu_order":0,"comment_status":"closed","ping_status":"closed","template":"elementor_header_footer","meta":{"footnotes":""},"class_list":["post-28761","page","type-page","status-publish","hentry"],"yoast_head":"<!-- This site is optimized with the Yoast SEO plugin v27.1.1 - https:\/\/yoast.com\/product\/yoast-seo-wordpress\/ -->\n<title>Reference - i-Vent.com<\/title>\n<meta name=\"robots\" content=\"index, follow, max-snippet:-1, max-image-preview:large, max-video-preview:-1\" \/>\n<link rel=\"canonical\" href=\"https:\/\/i-vent.com\/si\/reference\/\" \/>\n<meta property=\"og:locale\" content=\"sl_SI\" \/>\n<meta property=\"og:type\" content=\"article\" \/>\n<meta property=\"og:title\" content=\"Reference - i-Vent.com\" \/>\n<meta property=\"og:description\" content=\"Dom upokojencev Idrija Projekt: Dom upokojencev IdrijaInvestitor: Dom upokojencev Idrija Glavni trg Menge\u0161 Projekt: Glavni trg Menge\u0161Investitor: Prva hi\u0161a d.o.o.\u0160tevilo stanovanj: 80 Soseska Drenovo Projekt: Soseska DrenovoInvestitor: CEEREF d.o.o.\u0160tevilo hi\u0161: 81 hi\u0161 Tacenski vrtovi &#8211; Ljubljana Projekt: Tacenski vrtovi &#8211; LjubljanaInvestitor:...\" \/>\n<meta property=\"og:url\" content=\"https:\/\/i-vent.com\/si\/reference\/\" \/>\n<meta property=\"og:site_name\" content=\"i-Vent.com\" \/>\n<meta property=\"article:publisher\" content=\"https:\/\/www.facebook.com\/iVent.slovenija\/\" \/>\n<meta property=\"article:modified_time\" content=\"2025-12-23T11:55:49+00:00\" \/>\n<meta property=\"og:image\" content=\"https:\/\/i-vent.com\/si\/wp-content\/uploads\/2025\/03\/i-vent_og.jpg\" \/>\n\t<meta property=\"og:image:width\" content=\"1200\" \/>\n\t<meta property=\"og:image:height\" content=\"630\" \/>\n\t<meta property=\"og:image:type\" content=\"image\/jpeg\" \/>\n<meta name=\"twitter:card\" content=\"summary_large_image\" \/>\n<meta name=\"twitter:label1\" content=\"Est. reading time\" \/>\n\t<meta name=\"twitter:data1\" content=\"2 minuti\" \/>\n<script type=\"application\/ld+json\" class=\"yoast-schema-graph\">{\"@context\":\"https:\/\/schema.org\",\"@graph\":[{\"@type\":\"WebPage\",\"@id\":\"https:\/\/i-vent.com\/si\/reference\/\",\"url\":\"https:\/\/i-vent.com\/si\/reference\/\",\"name\":\"Reference - i-Vent.com\",\"isPartOf\":{\"@id\":\"https:\/\/i-vent.com\/si\/#website\"},\"datePublished\":\"2025-07-04T05:56:19+00:00\",\"dateModified\":\"2025-12-23T11:55:49+00:00\",\"breadcrumb\":{\"@id\":\"https:\/\/i-vent.com\/si\/reference\/#breadcrumb\"},\"inLanguage\":\"sl-SI\",\"potentialAction\":[{\"@type\":\"ReadAction\",\"target\":[\"https:\/\/i-vent.com\/si\/reference\/\"]}]},{\"@type\":\"BreadcrumbList\",\"@id\":\"https:\/\/i-vent.com\/si\/reference\/#breadcrumb\",\"itemListElement\":[{\"@type\":\"ListItem\",\"position\":1,\"name\":\"Domov\",\"item\":\"https:\/\/i-vent.com\/si\/\"},{\"@type\":\"ListItem\",\"position\":2,\"name\":\"Reference\"}]},{\"@type\":\"WebSite\",\"@id\":\"https:\/\/i-vent.com\/si\/#website\",\"url\":\"https:\/\/i-vent.com\/si\/\",\"name\":\"i-Vent\",\"description\":\"Specialisti za prezra\u010devanje\",\"publisher\":{\"@id\":\"https:\/\/i-vent.com\/si\/#organization\"},\"alternateName\":\"i-Vent\",\"potentialAction\":[{\"@type\":\"SearchAction\",\"target\":{\"@type\":\"EntryPoint\",\"urlTemplate\":\"https:\/\/i-vent.com\/si\/?s={search_term_string}\"},\"query-input\":{\"@type\":\"PropertyValueSpecification\",\"valueRequired\":true,\"valueName\":\"search_term_string\"}}],\"inLanguage\":\"sl-SI\"},{\"@type\":\"Organization\",\"@id\":\"https:\/\/i-vent.com\/si\/#organization\",\"name\":\"i-Vent\",\"alternateName\":\"i-Vent d.o.o.\",\"url\":\"https:\/\/i-vent.com\/si\/\",\"logo\":{\"@type\":\"ImageObject\",\"inLanguage\":\"sl-SI\",\"@id\":\"https:\/\/i-vent.com\/si\/#\/schema\/logo\/image\/\",\"url\":\"https:\/\/i-vent.com\/si\/wp-content\/uploads\/2025\/03\/i-Vent_696x696.jpg\",\"contentUrl\":\"https:\/\/i-vent.com\/si\/wp-content\/uploads\/2025\/03\/i-Vent_696x696.jpg\",\"width\":696,\"height\":696,\"caption\":\"i-Vent\"},\"image\":{\"@id\":\"https:\/\/i-vent.com\/si\/#\/schema\/logo\/image\/\"},\"sameAs\":[\"https:\/\/www.facebook.com\/iVent.slovenija\/\"]}]}<\/script>\n<!-- \/ Yoast SEO plugin. -->","yoast_head_json":{"title":"Reference - i-Vent.com","robots":{"index":"index","follow":"follow","max-snippet":"max-snippet:-1","max-image-preview":"max-image-preview:large","max-video-preview":"max-video-preview:-1"},"canonical":"https:\/\/i-vent.com\/si\/reference\/","og_locale":"sl_SI","og_type":"article","og_title":"Reference - i-Vent.com","og_description":"Dom upokojencev Idrija Projekt: Dom upokojencev IdrijaInvestitor: Dom upokojencev Idrija Glavni trg Menge\u0161 Projekt: Glavni trg Menge\u0161Investitor: Prva hi\u0161a d.o.o.\u0160tevilo stanovanj: 80 Soseska Drenovo Projekt: Soseska DrenovoInvestitor: CEEREF d.o.o.\u0160tevilo hi\u0161: 81 hi\u0161 Tacenski vrtovi &#8211; Ljubljana Projekt: Tacenski vrtovi &#8211; LjubljanaInvestitor:...","og_url":"https:\/\/i-vent.com\/si\/reference\/","og_site_name":"i-Vent.com","article_publisher":"https:\/\/www.facebook.com\/iVent.slovenija\/","article_modified_time":"2025-12-23T11:55:49+00:00","og_image":[{"width":1200,"height":630,"url":"https:\/\/i-vent.com\/si\/wp-content\/uploads\/2025\/03\/i-vent_og.jpg","type":"image\/jpeg"}],"twitter_card":"summary_large_image","twitter_misc":{"Est. reading time":"2 minuti"},"schema":{"@context":"https:\/\/schema.org","@graph":[{"@type":"WebPage","@id":"https:\/\/i-vent.com\/si\/reference\/","url":"https:\/\/i-vent.com\/si\/reference\/","name":"Reference - i-Vent.com","isPartOf":{"@id":"https:\/\/i-vent.com\/si\/#website"},"datePublished":"2025-07-04T05:56:19+00:00","dateModified":"2025-12-23T11:55:49+00:00","breadcrumb":{"@id":"https:\/\/i-vent.com\/si\/reference\/#breadcrumb"},"inLanguage":"sl-SI","potentialAction":[{"@type":"ReadAction","target":["https:\/\/i-vent.com\/si\/reference\/"]}]},{"@type":"BreadcrumbList","@id":"https:\/\/i-vent.com\/si\/reference\/#breadcrumb","itemListElement":[{"@type":"ListItem","position":1,"name":"Domov","item":"https:\/\/i-vent.com\/si\/"},{"@type":"ListItem","position":2,"name":"Reference"}]},{"@type":"WebSite","@id":"https:\/\/i-vent.com\/si\/#website","url":"https:\/\/i-vent.com\/si\/","name":"i-Vent","description":"Specialisti za prezra\u010devanje","publisher":{"@id":"https:\/\/i-vent.com\/si\/#organization"},"alternateName":"i-Vent","potentialAction":[{"@type":"SearchAction","target":{"@type":"EntryPoint","urlTemplate":"https:\/\/i-vent.com\/si\/?s={search_term_string}"},"query-input":{"@type":"PropertyValueSpecification","valueRequired":true,"valueName":"search_term_string"}}],"inLanguage":"sl-SI"},{"@type":"Organization","@id":"https:\/\/i-vent.com\/si\/#organization","name":"i-Vent","alternateName":"i-Vent d.o.o.","url":"https:\/\/i-vent.com\/si\/","logo":{"@type":"ImageObject","inLanguage":"sl-SI","@id":"https:\/\/i-vent.com\/si\/#\/schema\/logo\/image\/","url":"https:\/\/i-vent.com\/si\/wp-content\/uploads\/2025\/03\/i-Vent_696x696.jpg","contentUrl":"https:\/\/i-vent.com\/si\/wp-content\/uploads\/2025\/03\/i-Vent_696x696.jpg","width":696,"height":696,"caption":"i-Vent"},"image":{"@id":"https:\/\/i-vent.com\/si\/#\/schema\/logo\/image\/"},"sameAs":["https:\/\/www.facebook.com\/iVent.slovenija\/"]}]}},"_links":{"self":[{"href":"https:\/\/i-vent.com\/si\/wp-json\/wp\/v2\/pages\/28761","targetHints":{"allow":["GET"]}}],"collection":[{"href":"https:\/\/i-vent.com\/si\/wp-json\/wp\/v2\/pages"}],"about":[{"href":"https:\/\/i-vent.com\/si\/wp-json\/wp\/v2\/types\/page"}],"author":[{"embeddable":true,"href":"https:\/\/i-vent.com\/si\/wp-json\/wp\/v2\/users\/1"}],"replies":[{"embeddable":true,"href":"https:\/\/i-vent.com\/si\/wp-json\/wp\/v2\/comments?post=28761"}],"version-history":[{"count":0,"href":"https:\/\/i-vent.com\/si\/wp-json\/wp\/v2\/pages\/28761\/revisions"}],"wp:attachment":[{"href":"https:\/\/i-vent.com\/si\/wp-json\/wp\/v2\/media?parent=28761"}],"curies":[{"name":"wp","href":"https:\/\/api.w.org\/{rel}","templated":true}]}}